{"id":19,"date":"2022-08-09T12:07:58","date_gmt":"2022-08-09T12:07:58","guid":{"rendered":"https:\/\/www.tanapernetova.com\/?page_id=19"},"modified":"2024-09-04T10:50:14","modified_gmt":"2024-09-04T10:50:14","slug":"o-mne","status":"publish","type":"page","link":"https:\/\/www.tanapernetova.com\/?page_id=19","title":{"rendered":"Bio"},"content":{"rendered":"\t\t<div data-elementor-type=\"wp-page\" data-elementor-id=\"19\" class=\"elementor elementor-19\">\n\t\t\t\t\t\t<section class=\"elementor-section elementor-top-section elementor-element elementor-element-5378256 elementor-section-boxed elementor-section-height-default elementor-section-height-default\" data-id=\"5378256\" data-element_type=\"section\" data-e-type=\"section\">\n\t\t\t\t\t\t<div class=\"elementor-container elementor-column-gap-default\">\n\t\t\t\t\t<div class=\"elementor-column elementor-col-100 elementor-top-column elementor-element elementor-element-c83c104\" data-id=\"c83c104\" data-element_type=\"column\" data-e-type=\"column\">\n\t\t\t<div class=\"elementor-widget-wrap elementor-element-populated\">\n\t\t\t\t\t\t<div class=\"elementor-element elementor-element-540cfa7 elementor-drop-cap-yes elementor-drop-cap-view-default elementor-widget elementor-widget-text-editor\" data-id=\"540cfa7\" data-element_type=\"widget\" data-e-type=\"widget\" data-settings=\"{&quot;drop_cap&quot;:&quot;yes&quot;}\" data-widget_type=\"text-editor.default\">\n\t\t\t\t<div class=\"elementor-widget-container\">\n\t\t\t\t\t\t\t\t\t<p>Tatiana Pernetov\u00e1<\/p>\n<p>(varhany, klav\u00edr, fl\u00e9tna) vystudovala konzervato\u0159 v&nbsp;Petrohrad\u011b (varhany), n\u00e1sledn\u011b Akademii m\u00fazick\u00fdch um\u011bn\u00ed v&nbsp;Praze v&nbsp;oborech varhany (pod veden\u00edm prof. J. T\u016fmy) a klav\u00edr (pod veden\u00edm prof. F. Mal\u00e9ho). V roce 2024 zavr\u0161ila magistersk\u00e9 studium na Jan\u00e1\u010dkov\u00e9 akademii m\u00fazick\u00fdch um\u011bn\u00ed v&nbsp;oboru varhany (pod veden\u00edm prof. Nov\u00e1\u010dka). Mezi lety 2021-2023 tak\u00e9 studovala p\u0159\u00ed\u010dnou fl\u00e9tnu na konzervato\u0159i v&nbsp;Teplic\u00edch (pod veden\u00edm MgA. J. Jarkovsk\u00e9, Ph.D.).<\/p>\n<p>Je laure\u00e1tkou mnoha mezin\u00e1rodn\u00edch a \u010desk\u00fdch sout\u011b\u017e\u00ed, v\u010detn\u011b nap\u0159\u00edklad varhann\u00edch sout\u011b\u017e\u00ed Leo\u0161e Jan\u00e1\u010dka a Petra Ebena, kde z\u00e1rove\u0148 z\u00edskala cenu za nejlep\u0161\u00ed interpretaci soudob\u00e9 \u010desk\u00e9 hudby. V&nbsp;roce 2023 z\u00edskala druhou cenu na mezin\u00e1rodn\u00ed varhann\u00ed sout\u011b\u017ei M. K. \u010ciurlionise v&nbsp;Litv\u011b. Vedle varhan se stala laure\u00e1tem i mnoha mezin\u00e1rodn\u00edch klav\u00edrn\u00edch a ans\u00e1mblov\u00fdch sout\u011b\u017e\u00ed.<\/p>\n<p>Pravideln\u011b vystupuje s\u00f3lov\u011b a v r\u016fzn\u00fdch ans\u00e1mblech na evropsk\u00fdch p\u00f3di\u00edch a festivalech po cel\u00e9 \u010cR, s\u00f3lov\u011b koncertovala ve Slovensk\u00e9m rozhlase, spolupracovala s festivalem Pra\u017esk\u00e9 jaro a Severo\u010deskou filharmoni\u00ed a byla tak\u00e9 stipendistkou \u010cesk\u00e9ho hudebn\u00edho fondu.<\/p>\n<p>V&nbsp;sou\u010dasn\u00e9 dob\u011b je varhanic\u00ed v&nbsp;kl\u00e1\u0161te\u0159e Osek, vyu\u010duje a korepetuje na konzervato\u0159i v&nbsp;Teplic\u00edch a u\u010d\u00ed varhany a klav\u00edr na ZU\u0160 Evy Randov\u00e9 v&nbsp;\u00dast\u00ed nad Labem. Spolu s&nbsp;man\u017eelem Danielem Knutem Pernetem zalo\u017eila hudebn\u00ed festival Oseck\u00e9 ozv\u011bny.<\/p>\n<p>Jej\u00ed reperto\u00e1r je velice rozmanit\u00fd, moment\u00e1ln\u011b se specializuje na varhann\u00ed tvorbu francouzsk\u00fdch \u017een-skladatelek.<\/p>\t\t\t\t\t\t\t\t<\/div>\n\t\t\t\t<\/div>\n\t\t\t\t\t<\/div>\n\t\t<\/div>\n\t\t\t\t\t<\/div>\n\t\t<\/section>\n\t\t\t\t<\/div>\n\t\t","protected":false},"excerpt":{"rendered":"<p>Tatiana Pernetov\u00e1 (varhany, klav\u00edr, fl\u00e9tna) vystudovala konzervato\u0159 v&nbsp;Petrohrad\u011b (varhany), n\u00e1sledn\u011b Akademii m\u00fazick\u00fdch um\u011bn\u00ed v&nbsp;Praze v&nbsp;oborech varhany (pod veden\u00edm prof. J. T\u016fmy) a klav\u00edr (pod veden\u00edm prof. F. Mal\u00e9ho). V roce<\/p>\n<p class=\"more-link\"><a class=\"button\" href=\"https:\/\/www.tanapernetova.com\/?page_id=19\" class=\"readmore\">Continue reading<span class=\"screen-reader-text\">Bio<\/span><\/a><\/p>\n","protected":false},"author":1,"featured_media":0,"parent":0,"menu_order":0,"comment_status":"closed","ping_status":"closed","template":"","meta":{"footnotes":""},"class_list":["post-19","page","type-page","status-publish","hentry"],"_links":{"self":[{"href":"https:\/\/www.tanapernetova.com\/index.php?rest_route=\/wp\/v2\/pages\/19","targetHints":{"allow":["GET"]}}],"collection":[{"href":"https:\/\/www.tanapernetova.com\/index.php?rest_route=\/wp\/v2\/pages"}],"about":[{"href":"https:\/\/www.tanapernetova.com\/index.php?rest_route=\/wp\/v2\/types\/page"}],"author":[{"embeddable":true,"href":"https:\/\/www.tanapernetova.com\/index.php?rest_route=\/wp\/v2\/users\/1"}],"replies":[{"embeddable":true,"href":"https:\/\/www.tanapernetova.com\/index.php?rest_route=%2Fwp%2Fv2%2Fcomments&post=19"}],"version-history":[{"count":20,"href":"https:\/\/www.tanapernetova.com\/index.php?rest_route=\/wp\/v2\/pages\/19\/revisions"}],"predecessor-version":[{"id":239,"href":"https:\/\/www.tanapernetova.com\/index.php?rest_route=\/wp\/v2\/pages\/19\/revisions\/239"}],"wp:attachment":[{"href":"https:\/\/www.tanapernetova.com\/index.php?rest_route=%2Fwp%2Fv2%2Fmedia&parent=19"}],"curies":[{"name":"wp","href":"https:\/\/api.w.org\/{rel}","templated":true}]}}